{"id":114,"date":"2012-02-27T14:40:05","date_gmt":"2012-02-27T14:40:05","guid":{"rendered":"http:\/\/www.bureau-heuchel-klag.de\/kunsthaus\/?page_id=114"},"modified":"2025-10-06T18:31:02","modified_gmt":"2025-10-06T18:31:02","slug":"chronologie-2","status":"publish","type":"page","link":"https:\/\/bureau-heuchel-klag.de\/kunsthaus\/?page_id=114","title":{"rendered":"bHK &#8211; Chronologie"},"content":{"rendered":"<h2>bHK &#8211; Chronologie<\/h2>\n<p><strong>2025<\/strong><\/p>\n<ul>\n<li>FOREVER YOUNG? IM DORFKINO, im Rahmen des Kultursommers in Rheinland-Pfalz, Kunsthaus des bHK, Bellheim, 12.09. &#8211; 21.09.2025 (A)<\/li>\n<li>&#8222;60 Jahre Gunter Klag, feat. Christian Heuchel ud Mike \u00dcberall&#8220;, <a href=\"https:\/\/www.museum-herxheim.de\">Museum Herxheim<\/a>, 07.02. &#8211; 18.05.2025 (A)<\/li>\n<li>Schaufensterausstellung: &#8222;K\u00fcnstlerb\u00fccher und Grafikmappen des bHK&#8220;, <a href=\"https:\/\/www.venator-hanstein.de\/\">Venator &amp; Hanstein Buch- und Graphikauktionen<\/a>, K\u00f6ln, Jan\/Feb 2025 (A)<\/li>\n<\/ul>\n<p><strong>2024<\/strong><\/p>\n<ul>\n<li>&#8222;BILDER ZEIGEN S\u00dcDW\u00c4RTS&#8220;, im Rahmen des Kultursommers in Rheinland-Pfalz &#8222;Westw\u00e4rts&#8220;, Kunsthaus des bHK, Bellheim, 14.09. &#8211; 22.09.2024 (A)<\/li>\n<li>&#8222;bHK TRIFFT SLEVOGT &#8211; Eine Reise in den pf\u00e4lzischen Impressionismus&#8220;, Landgalerie Su\u0308dwestpfalz, Kreisgalerie Dahn, 25.08. -22.09.2024 (A)<\/li>\n<li>&#8222;bHK TRIFFT SLEVOGT &#8211; Eine Reise in den pf\u00e4lzischen Impressionismus&#8220;, Stadtmuseum Villa B\u00f6hm, Kunstverein Neustadt a.d. Weinstra\u00dfe, 05.07. &#8211; 21.07.2024 (A)<\/li>\n<li>&#8222;bHK TRIFFT SLEVOGT &#8211; Eine Reise in den pf\u00e4lzischen Impressionismus&#8220;, STRIEFFLER HAUS der K\u00fcnste, Landau i.d.Pfalz, 11.02. &#8211; 24.03.2024 (A)<\/li>\n<li>&#8222;ZEITGLEICH-ZEITZEICHEN&#8220;, zum &#8218;Tag der Druckkunst&#8216;, 07.06. &#8211; 16.06.2024, BBK-Galerie, Mainz (AB)<\/li>\n<\/ul>\n<p><strong>2023<\/strong><\/p>\n<ul>\n<li>&#8222;Kunst in den Gew\u00f6lben&#8220;, Kunstverein Germersheim im Zeughaus, 04.11. &#8211; 03.12.2023 (AB)<\/li>\n<li>&#8222;bHK TRIFFT SLEVOGT &#8211; Eine Reise in den pf\u00e4lzischen Impressionismus&#8220;, Kunstverein Offenbach, Galerie im KOMM, 13.09. bis 05.102023 (A)<\/li>\n<li>&#8222;BILDER ZEIGEN WESTW\u00c4RTS&#8220;, im Rahmen des Kultursommers in Rheinland-Pfalz &#8222;Westw\u00e4rts&#8220;, Kunsthaus des bHK, Bellheim, 16.09. &#8211; 24.09.2023 (A)<\/li>\n<li>Tag der Druckkunst, &#8218;Fields, Spaces and Frames&#8216;, Pr\u00e4sentation Herstellung Druckgrafiken (AB)<\/li>\n<\/ul>\n<p><strong>2022<\/strong><\/p>\n<ul>\n<li>&#8222;BILDER ZUM OSTWIND, Wer Wind s\u00e4t, wird Sturm ernten&#8220;, im Rahmen des Kultursommers in Rheinland-Pfalz &#8222;Kompass Europa: Ostwind&#8220;, Kunsthaus des bHK, Bellheim (A)<\/li>\n<li>20. Ausstellung f\u00fcr bildende Kunst 2022, Schlosspark K\u00f6ln-Stammheim, mit &#8218;RAPPORT&#8216; (AB)<\/li>\n<li>&#8222;bHK TRIFFT SLEVOGT &#8211; Eine Reise in den pf\u00e4lzischen Impressionismus&#8220;, Kunsthaus des bHK, Bellheim (A)<\/li>\n<li>Offene Ateliers, Kunsthaus des bHK, Bellheim (A)<\/li>\n<\/ul>\n<p><strong>2021<\/strong><\/p>\n<ul>\n<li>Rumpenheimer Kunsttage, Offenbach-Rumpenheim, mit &#8218;RAPPORT&#8216; (Heu\/Kla) (AB)<\/li>\n<li>\u201cNordlicht &#8211; Bilder zur Sonnenwende\u201d mit Christian Heuchel, Gunter Klag, Mike \u00dcberall und Ralph Musielski im Rahmen des Kultursommers Rheinland-Pfalz \u201eKompass Europa: Nordlichter\u201c, Kunsthaus des bHK Bellheim (A)<\/li>\n<li>Tag der Druckkunst, &#8218;making of art in our times&#8216;, Pr\u00e4sentation Herstellung bHK-K\u00fcnstlerb\u00fccher (AB)<\/li>\n<li>Kunst goes Online: Virtuelle Ausstellung im Kreishaus Landkreis S\u00fcdliche Weinstra\u00dfe (HEU)(AB)<\/li>\n<li>Offene Ateliers, Kunsthaus des bHK, Bellheim (A)<\/li>\n<\/ul>\n<p><strong>2018<\/strong><\/p>\n<ul>\n<li>anders &#8211; 70 jahre | 70 k\u00fcnstler | 70 ateliers, Galerie des BBK in Mainz (Heu\/Kla) (AB)<\/li>\n<li>Offene Ateliers, Kunsthaus des bHK, Bellheim (A)<\/li>\n<li>The Cologne Art Book Fair 2018, K\u00f6lnischer Kunstverein, Messestand mit bHK K\u00fcnstlerb\u00fcchern<\/li>\n<\/ul>\n<p><strong>2017<\/strong><\/p>\n<ul>\n<li>OMBRE, Rauminstallation im Haus zum Maulbeerbaum, Landau in der Pfalz (A)<\/li>\n<li>The Cologne Art Book Fair 2017, Werft 5, K\u00f6ln, Messestand mit bHK K\u00fcnstlerb\u00fcchern<\/li>\n<li>Epochen und Episoden, Jubil\u00e4umsausstellung, Kunsthaus des bHK, Bellheim (A)<\/li>\n<\/ul>\n<p><strong>2016<\/strong><\/p>\n<ul>\n<li>Kunst auf \u00f6ffenlichen Fl\u00e4chen, Minfeld, mit \u201eHexaeder \u2013 Platon\u201c (Heu\/Kla) (AB)<\/li>\n<li>WELT RETTEN \u2013 MACHEN WIR!, Kunsthaus des bHK, Bellheim, im Rahmen des Kultursommer Rheinland-Pfalz 2016 \u201eDer Sommer unseres Vergn\u00fcgens\u201c (A)<\/li>\n<li>Offene Ateliers, Kunsthaus des bHK, Bellheim (A)<\/li>\n<\/ul>\n<p><strong>2015<\/strong><\/p>\n<ul>\n<li>Kunst auf \u00f6ffenlichen Fl\u00e4chen, Minfeld, mit \u201eHexaeder \u2013 Platon\u201c (Heu\/Kla) (AB)<\/li>\n<li>MODERNE MYTHEN, Kunsthaus des bHK, Bellheim, im Kultursommer Rheinland-Pfalz 2015 \u201eHelden und Legenden\u201c. (Mit: Mike \u00dcberall, Herbie Erb, Miriam K\u00fchnel, J\u00fcrgen Zimmermann, Oliver Jung, Gunter Klag, Christian Heuchel und Christian Frick (A)<\/li>\n<li>Offene Ateliers, Kunsthaus des bHK, Bellheim, (A)<\/li>\n<li>Symposion: \u201eSie werden ein gr\u00f6\u00dferes Boot brauchen\u201c, mit: Christian Frick (K\u00fcnstler, Hagenbach), Christian Heuchel (K\u00fcnstler, K\u00f6ln), Oliver Jung (K\u00fcnstler, Stutensee), Gunter Klag (K\u00fcnstler, Bellheim), Hen Sen (K\u00fcnstler, Karlsruhe), Herbie Erb und Mike \u00dcberall (K\u00fcnstler, Karlsruhe), Leitung: Dr. Ralph Musielski (Komparatist, Hamburg) (A)<\/li>\n<\/ul>\n<p><strong>2014<\/strong><\/p>\n<ul>\n<li>SCHM\u00dcCKEN &#8211; Kunst am Haus, Kunsthaus des bHK, Bellheim (A)<\/li>\n<li>Offene Ateliers, Kunsthaus des bHK, Bellheim (A)<\/li>\n<\/ul>\n<p><strong>2013<\/strong><\/p>\n<ul>\n<li>ON EUROPEAN GROUND &#8211; Im Urwald, Kunsthaus des bHK, Bellheim (A)<\/li>\n<li>Banner und Feldzeichen, Arbeiten von Gunter Klag (bHK) im Rahmen des Kunstprojekts<br \/>\n\u201cGegen\u00fcber\u201d in den Pf\u00f6rtnerh\u00e4uschen des Alten Schlachthofs, Karlsruhe (R)<\/li>\n<li>Offene Ateliers &#8211; Kunst am Haus, Kunsthaus des bHK, Bellheim (A)<\/li>\n<\/ul>\n<p><strong>2012<\/strong><\/p>\n<ul>\n<li>Offene Ateliers, bHK Bellheim (A)<\/li>\n<li>rapport reloaded, Bellheim (A)<\/li>\n<li>Offene Ateliers, K\u00f6ln (AB)<\/li>\n<li>Von Monstern und Wunderkammern &#8211; ein Bilderzyklus, G. Klag, Bellheim (R)<\/li>\n<\/ul>\n<p><strong>2011<\/strong><\/p>\n<ul>\n<li>Ereignis Druckgrafik 3, Leibzig (AB)<\/li>\n<li>UND 6, Karlsruhe, Heuchel und Klag beim Circus 3000 (AB)<\/li>\n<li>Bundesministeriums f\u00fcr Verkehr, Bau und Stadtentwicklung &#8211; &#8222;Menschen und Erfolge&#8220; (WBW)<\/li>\n<li>Ist es am Rhein so sch\u00f6n? &#8211; Kunstverein 68elf, K\u00f6ln (AB)<\/li>\n<li>Offene Ateliers 20 Jahre bHK, Bellheim (A)<\/li>\n<\/ul>\n<p><strong>2010<\/strong><\/p>\n<ul>\n<li>Urwald-Buch &#8211; ein Leporello: Christian Heuchel und Gunter Klag (R)<\/li>\n<li>Ereignis Druckgrafik 2, Leibzig (AB)<\/li>\n<li>GRENZARBEITEN &#8211; Architekturvisionen und k\u00fcnstlerische Utopien, bHK Bellheim (A+P)<\/li>\n<li>UND 5, Karlsruhe, Heuchel und Klag, Jonny Las Vegas Factory (AB)<\/li>\n<li>Kunst im Haus: \u00abJagdszenen, Spuren, Feldzeichen\u00bb , bHK Bellheim (A)<\/li>\n<li>Offene Ateliers MALEN F\u00dcR DEN SPEYRER DOM, bHK Bellheim (A)<\/li>\n<\/ul>\n<p><strong>2009<\/strong><\/p>\n<ul>\n<li>Blick auf Tibet 2009, Forum &#8222;S&#8220; in Landau, Galerie Ludowici (AB)<\/li>\n<li>Arts and Crafts, Bellheim (A)<\/li>\n<li>Kunst am Haus, Bellheim &#8211; Gunter Klag &#8211; 5 musivische Glasfenster (P)<\/li>\n<li>Ereignis Druckgrafik, Leibzig (AB)<\/li>\n<li>Aufnahme in den Atelierf\u00fchrer Rhein Neckar (R)<\/li>\n<li>Kunst im Haus: Form Farbe Linie, Bellheim (A)<\/li>\n<\/ul>\n<p><strong>2008<\/strong><\/p>\n<ul>\n<li>Habitation II, bHK Bellheim (A)<\/li>\n<li>Kunstmesse Mainz &#8222;bHK Buchkunst&#8220; (AB)<\/li>\n<li>Hofkultur in Neustadt mit &#8222;Hildegard von Bingen&#8220; (AB)<\/li>\n<li>Kunst am Haus, Bellheim &#8211; Mike \u00dcberall (P)<\/li>\n<\/ul>\n<p><strong>2007<\/strong><\/p>\n<ul>\n<li>Stadtboulevard, Ostbahnstra\u00dfe Landau (Workshop mit FSW, Klinkott Architekten und Durth Consulting)<\/li>\n<li>Waschpl\u00e4tze, Dorfmitte Leimersheim (WBW mit FSW und Klinkott Architekten)<\/li>\n<li>Kunstmesse Mainz &#8222;bHK Buchkunst&#8220; (AB)<\/li>\n<li>Offene Ateliers, Kunsthaus Bellheim (A)<\/li>\n<li>Kunst am Haus, Bellheim &#8211; Thomas Ruch Graffiti (P)<\/li>\n<\/ul>\n<p><strong>2006<\/strong><\/p>\n<ul>\n<li>4. Editionale, Kunstbuchmesse K\u00f6ln (AB)<\/li>\n<li>Hommage an Heinrich Heine und Robert Schumann, Kunsthaus Bellheim (A)<\/li>\n<li>Sieben K\u00fcnstlerb\u00fccher, Buchmesse Frankfurt (AB)<\/li>\n<li>Stars, Dorfplatz Bellheim (R),<\/li>\n<li>Lux Naturae, Deutsche Botschaft Warschau (WBW)<\/li>\n<li>Raum der Namen, Schulberg Wiesbaden (WBW mit Klinkott Architekten)<\/li>\n<\/ul>\n<p><strong>2005<\/strong><\/p>\n<ul>\n<li>Pneu Bar II, Kunsthaus Bellheim (A+P)<\/li>\n<li>Offenes Baukonzept, Hafermagazin Landau (AB)<\/li>\n<\/ul>\n<p><strong>2004<\/strong><\/p>\n<ul>\n<li>Kunst und K\u00fcnstler im Messestand, Kunstmesse Rheinland Pfalz, Mainz (AB)<\/li>\n<li>Le Locle prints 04, Museum Le Locle, Schweiz (AB)<\/li>\n<\/ul>\n<p><strong>2003<\/strong><\/p>\n<ul>\n<li>K\u00fcnstlerb\u00fccher, bHK Buchkunst (R)<\/li>\n<li>DER RHEIN, K\u00fcnstlerbuch Industrieclub D\u00fcsseldorf (A)<\/li>\n<\/ul>\n<p><strong>2002<\/strong><\/p>\n<ul>\n<li>Kunst und K\u00fcnstler im Messestand, Kunstmesse Rheinland Pfalz, Mainz (AB)<\/li>\n<li>Kunstpreis der Museumsgesellschaft, Museum Ettlingen (AB)<\/li>\n<\/ul>\n<p><strong>2001<\/strong><\/p>\n<ul>\n<li>Grenze, Kreishaus S\u00dcW Landau (A)<\/li>\n<li>Habitation II, zeitgleich Kunsthaus Bellheim (A)<\/li>\n<li>Freie Wahlen, Kunsthalle Baden-Baden (AB)<\/li>\n<li>Bauen, Christian Heuchel Stipendiat Schloss Solitude Stuttgart (AB)<\/li>\n<li>Innen-Au\u00dfen, Kunstverein Aalen (AB)<\/li>\n<li>Die Bauten des Bundes in Berlin, Bundesamt f\u00fcr Bauwesen und Raumordnung Berlin (AB)<\/li>\n<\/ul>\n<p><strong>2000<\/strong><\/p>\n<ul>\n<li>Kunsthaus des bHK in Bellheim<\/li>\n<li>Stadtturm, Neustadt (R)<\/li>\n<li>Grenze 2000, Werkzyklus Kunsthaus Bellheim (A)<\/li>\n<li>Das Archiv auf Reisen, Bundesfinanzakademie\/Br\u00fchl (A)<\/li>\n<li>Habitation II, Galerie Marktstrasse 6 Hamburg (A)<\/li>\n<li>D-WIE DRUCK, Gunter Klag in Galerie des BBK Mainz (AB)<\/li>\n<\/ul>\n<p><strong>1999<\/strong><\/p>\n<ul>\n<li>Minutes Only, in der Orgelfabrik Karlsruhe (P)<\/li>\n<li>Habitation II, Sch\u00f6pfung &#8211; Mensch \u2013 Zukunft im Kreuzgang Bamberger Dom (AB)<\/li>\n<li>Grenze 1999, Werkzyklus (A)<\/li>\n<\/ul>\n<p><strong>1998<\/strong><\/p>\n<ul>\n<li>Grenze 1998, Conver Art Westf\u00e4lisches Landesmuseum M\u00fcnster (AB)<\/li>\n<li>Das Ministerium, Hafermagazin Landau (AB)<\/li>\n<li>[Pn\u00f8] pneumatischer Raum in Galerie Marktstrasse 6, Hamburg (A)<\/li>\n<li>Genji Monogatari mit Fritz Eicher (AB)<\/li>\n<li>From Here, High Street Project Gallery, Christchurch Neuseeland (AB)<\/li>\n<\/ul>\n<p><strong>1997<\/strong><\/p>\n<ul>\n<li>Canto Vuoto &#8211; poesia calma, Buchprojekt<\/li>\n<li>Offenes Atelier room divided, Atelier Germersheim (AB)<\/li>\n<li>Hildegard von Bingen, Kunstverein Bingen (AB)<\/li>\n<li>Grenze 1997, Atelier Bellheim (AB)<\/li>\n<\/ul>\n<p><strong>1996<\/strong><\/p>\n<ul>\n<li>offenes Atelier\/closed, Wahrnehmung Heute Kunstverein Germersheim (AB)<\/li>\n<li>Rapport, Saalkirche Taufkirche Karl der Gro\u00dfe. Ingelheim (AB)<\/li>\n<li>Orpheus und Eurydike, Villa Streccius Landau und Feuerbachhaus, Speyer (AB)<\/li>\n<\/ul>\n<p><strong>1995<\/strong><\/p>\n<ul>\n<li>Scheibenfeld; Kunsthaus Wiesbaden (A)<\/li>\n<\/ul>\n<p><strong>1994<\/strong><\/p>\n<ul>\n<li>Balance, Au\u00dfenraum Bad D\u00fcrkheim (AB)<\/li>\n<li>sortiert + plombiert, Galerie Parcival Berlin (A)<\/li>\n<li>Heuchel Klag Sch\u00f6pf, Kunstverein Germersheim (A)<\/li>\n<\/ul>\n<p><strong>1993<\/strong><\/p>\n<ul>\n<li>Amor + Psyche, Kunstgilde Bad Bergzabern (A)<\/li>\n<li>Kunst im Krankenhaus, Kreiskrankenhaus Germersheim (A)<\/li>\n<\/ul>\n<p><strong>1992<\/strong><\/p>\n<ul>\n<li>Umweltpreis, Germersheim (AB)<\/li>\n<\/ul>\n<p><strong>1991<\/strong><\/p>\n<ul>\n<li>Gr\u00fcndung<\/li>\n<\/ul>\n<p>(A) = Ausstellung, (AB) = Ausstellungsbeteiligung, (P) = Performance, (R) = Realisierung, (WBW) = Wettbewerb<\/p>\n<!-- PHP 5.x -->","protected":false},"excerpt":{"rendered":"<p>bHK &#8211; Chronologie 2025 FOREVER YOUNG? IM DORFKINO, im Rahmen des Kultursommers in Rheinland-Pfalz, Kunsthaus des bHK, Bellheim, 12.09. &#8211; 21.09.2025 (A) &#8222;60 Jahre Gunter Klag, feat. Christian Heuchel ud Mike \u00dcberall&#8220;, Museum Herxheim, 07.02. &#8211; 18.05.2025 (A) Schaufensterausstellung: &#8222;K\u00fcnstlerb\u00fccher und Grafikmappen des bHK&#8220;, Venator &amp; Hanstein Buch- und Graphikauktionen, K\u00f6ln, Jan\/Feb 2025 (A) 2024 [&hellip;]<\/p>\n","protected":false},"author":1,"featured_media":0,"parent":0,"menu_order":2,"comment_status":"closed","ping_status":"closed","template":"","meta":{"footnotes":""},"class_list":["post-114","page","type-page","status-publish","hentry"],"_links":{"self":[{"href":"https:\/\/bureau-heuchel-klag.de\/kunsthaus\/index.php?rest_route=\/wp\/v2\/pages\/114","targetHints":{"allow":["GET"]}}],"collection":[{"href":"https:\/\/bureau-heuchel-klag.de\/kunsthaus\/index.php?rest_route=\/wp\/v2\/pages"}],"about":[{"href":"https:\/\/bureau-heuchel-klag.de\/kunsthaus\/index.php?rest_route=\/wp\/v2\/types\/page"}],"author":[{"embeddable":true,"href":"https:\/\/bureau-heuchel-klag.de\/kunsthaus\/index.php?rest_route=\/wp\/v2\/users\/1"}],"replies":[{"embeddable":true,"href":"https:\/\/bureau-heuchel-klag.de\/kunsthaus\/index.php?rest_route=%2Fwp%2Fv2%2Fcomments&post=114"}],"version-history":[{"count":62,"href":"https:\/\/bureau-heuchel-klag.de\/kunsthaus\/index.php?rest_route=\/wp\/v2\/pages\/114\/revisions"}],"predecessor-version":[{"id":5308,"href":"https:\/\/bureau-heuchel-klag.de\/kunsthaus\/index.php?rest_route=\/wp\/v2\/pages\/114\/revisions\/5308"}],"wp:attachment":[{"href":"https:\/\/bureau-heuchel-klag.de\/kunsthaus\/index.php?rest_route=%2Fwp%2Fv2%2Fmedia&parent=114"}],"curies":[{"name":"wp","href":"https:\/\/api.w.org\/{rel}","templated":true}]}}